{"id":5486,"date":"2024-05-14T13:06:59","date_gmt":"2024-05-14T11:06:59","guid":{"rendered":"https:\/\/www.lauracosta.com\/coneix-me\/"},"modified":"2025-03-03T17:33:57","modified_gmt":"2025-03-03T16:33:57","slug":"coneix-me","status":"publish","type":"page","link":"https:\/\/www.lauracosta.com\/ca\/coneix-me\/","title":{"rendered":"Coneix-me"},"content":{"rendered":"\t\t<div data-elementor-type=\"wp-page\" data-elementor-id=\"5486\" class=\"elementor elementor-5486 elementor-304\" data-elementor-post-type=\"page\">\n\t\t\t\t<div class=\"elementor-element elementor-element-b4472d6 e-con-full e-flex e-con e-parent\" data-id=\"b4472d6\" data-element_type=\"container\" data-e-type=\"container\" data-settings=\"{&quot;background_background&quot;:&quot;classic&quot;,&quot;jet_parallax_layout_list&quot;:[]}\">\n\t\t<div class=\"elementor-element elementor-element-1a814b7 e-con-full e-flex e-con e-child\" data-id=\"1a814b7\" data-element_type=\"container\" data-e-type=\"container\" data-settings=\"{&quot;jet_parallax_layout_list&quot;:[]}\">\n\t\t\t\t<div class=\"elementor-element elementor-element-754ec9b elementor-widget__width-inherit elementor-widget elementor-widget-heading\" data-id=\"754ec9b\" data-element_type=\"widget\" data-e-type=\"widget\" data-widget_type=\"heading.default\">\n\t\t\t\t<div class=\"elementor-widget-container\">\n\t\t\t\t\t<h2 class=\"elementor-heading-title elementor-size-default\">VOLS CON\u00c8IXER-ME?<\/h2>\t\t\t\t<\/div>\n\t\t\t\t<\/div>\n\t\t\t\t<\/div>\n\t\t\t\t<\/div>\n\t\t<div class=\"elementor-element elementor-element-be2a2b2 e-con-full e-flex e-con e-parent\" data-id=\"be2a2b2\" data-element_type=\"container\" data-e-type=\"container\" data-settings=\"{&quot;jet_parallax_layout_list&quot;:[],&quot;background_background&quot;:&quot;classic&quot;}\">\n\t\t<div class=\"elementor-element elementor-element-031610b e-con-full e-flex e-con e-child\" data-id=\"031610b\" data-element_type=\"container\" data-e-type=\"container\" data-settings=\"{&quot;jet_parallax_layout_list&quot;:[]}\">\n\t\t\t\t<div class=\"elementor-element elementor-element-d619121 elementor-widget__width-inherit elementor-widget elementor-widget-heading\" data-id=\"d619121\" data-element_type=\"widget\" data-e-type=\"widget\" data-widget_type=\"heading.default\">\n\t\t\t\t<div class=\"elementor-widget-container\">\n\t\t\t\t\t<h2 class=\"elementor-heading-title elementor-size-default\">Em presento<\/h2>\t\t\t\t<\/div>\n\t\t\t\t<\/div>\n\t\t<div class=\"elementor-element elementor-element-5c98753 e-con-full e-flex e-con e-child\" data-id=\"5c98753\" data-element_type=\"container\" data-e-type=\"container\" data-settings=\"{&quot;jet_parallax_layout_list&quot;:[]}\">\n\t\t\t\t<div class=\"elementor-element elementor-element-3c92cea elementor-widget elementor-widget-text-editor\" data-id=\"3c92cea\" data-element_type=\"widget\" data-e-type=\"widget\" data-widget_type=\"text-editor.default\">\n\t\t\t\t<div class=\"elementor-widget-container\">\n\t\t\t\t\t\t\t\t\t<p>El meu nom \u00e9s Laura Costa i vaig n\u00e9ixer a Barcelona. Fa m\u00e9s de trenta anys que treballo en el m\u00f3n de la moda. Soc dissenyadora, assessora d&#8217;imatge personal, Personal Shopper, estilista, maquilladora, mestra i formadora per a empreses.<\/p>\n<p>Des de fa quinze anys disposo d&#8217;un despatx a Barcelona on ofereixo serveis d&#8217;Assessoria d&#8217;Imatge i Personal Shopper a clients particulars, i Assessoria d&#8217;Imatge Corporativa, a empreses. A m\u00e9s, he impartit monogr\u00e0fics en la Universitat de Barcelona, tallers d&#8217;imatge per a pacients oncol\u00f2gics a l&#8217;Hospital Duran i Reynals, i he col\u2022laborat com a ponent, elaborant programes de formaci\u00f3 per a diverses empreses com: Opticalia, Swarovsky, Natura Biss\u00e9, Concep, etc. Tamb\u00e9 he treballat com a professora d&#8217;estilisme a l&#8217;Escola Guerrero i a l&#8217;Escola Superior de Protocol i Relacions Institucionals, situades a Barcelona. A m\u00e9s, durant aquest \u00faltim any he impartit un curs d&#8217;Assessoria d&#8217;imatge personal en estilisme dirigit a docents d&#8217;FP del Departament d&#8217;Educaci\u00f3 de la Generalitat de Catalunya.<\/p>\n\t\t\t\t\t\t\t\t<\/div>\n\t\t\t\t<\/div>\n\t\t\t\t<\/div>\n\t\t<div class=\"elementor-element elementor-element-296bc70 e-con-full e-flex e-con e-child\" data-id=\"296bc70\" data-element_type=\"container\" data-e-type=\"container\" data-settings=\"{&quot;jet_parallax_layout_list&quot;:[]}\">\n\t\t\t\t<div class=\"elementor-element elementor-element-240a53e elementor-widget elementor-widget-text-editor\" data-id=\"240a53e\" data-element_type=\"widget\" data-e-type=\"widget\" data-widget_type=\"text-editor.default\">\n\t\t\t\t<div class=\"elementor-widget-container\">\n\t\t\t\t\t\t\t\t\t<p>Col\u00b7laboro peri\u00f2dicament al programa televisiu &#8220;Sense Control&#8221; del Canal 4 presentant la secci\u00f3 de moda i imatge personal.<\/p>\n<p>Paral\u00b7lelament porto vint anys com a practicant de ioga. Vaig iniciar-me amb Hata ioga i posteriorment em vaig inclinar per la pr\u00e0ctica de kundalini ioga i la meditaci\u00f3. Fa sis anys em certifique oficialment per AEKY i per KRI com a instructora de kundalini ioga i com a mestra del ioga del riure per Laughter Yoga International University.<\/p>\n<p>Estic certificada per la Generalitat de Catalunya en Habilitaci\u00f3 per a la doc\u00e8ncia i Assessoria Integral de la Imatge Personal amb el reconeixement del Govern d&#8217;Espanya i la Uni\u00f3 Europea.<\/p>\n\t\t\t\t\t\t\t\t<\/div>\n\t\t\t\t<\/div>\n\t\t\t\t<div class=\"elementor-element elementor-element-691f6d8 elementor-hidden-desktop elementor-hidden-laptop elementor-hidden-tablet elementor-hidden-mobile elementor-widget elementor-widget-jet-accordion\" data-id=\"691f6d8\" data-element_type=\"widget\" data-e-type=\"widget\" data-widget_type=\"jet-accordion.default\">\n\t\t\t\t<div class=\"elementor-widget-container\">\n\t\t\t\t\t\t\t<div class=\"jet-accordion\" data-settings=\"{&quot;collapsible&quot;:false,&quot;ajaxTemplate&quot;:false,&quot;switchScrolling&quot;:false,&quot;switchScrollingOffset&quot;:0,&quot;switchScrollingDelay&quot;:500}\">\n\t\t\t<div class=\"jet-accordion__inner\">\n\t\t\t\t<div class=\"jet-accordion__item jet-toggle jet-toggle-move-up-effect \">\n\t\t\t\t\t\t\t<div id=\"jet-toggle-control-1101\" class=\"jet-toggle__control elementor-menu-anchor\" data-toggle=\"1\" role=\"button\" tabindex=\"0\" aria-controls=\"jet-toggle-content-1101\" aria-expanded=\"false\" data-template-id=\"false\">\n\t\t\t\t\t\t\t\t<div class=\"jet-toggle__label-text\">Assessoria integral d'imatge personal<\/div>\t\t\t\t\t\t\t<\/div>\n\t\t\t\t\t\t\t<div id=\"jet-toggle-content-1101\" class=\"jet-toggle__content\" data-toggle=\"1\" role=\"region\" data-template-id=\"false\">\n\t\t\t\t\t\t\t\t<div class=\"jet-toggle__content-inner\"><p><b>Acreditaci\u00f3 d&#8217;unitats de compet\u00e8ncia en Assessoria Integral d&#8217;Imatge Personal:<\/b><\/p>\n<ul>\n<li>Assessorar els\/les clients\/es sobre la seva imatge personal, mitjan\u00e7ant la cura i<br \/>\ntransformaci\u00f3 est\u00e8tica dels cabells i el p\u00e8l del rostre.<\/li>\n<li>Gestionar les activitats desenvolupades en empreses d&#8217;imatge personal.<\/li>\n<li>Realitzar l&#8217;estudi de la imatge personal per proposar projectes de canvi personalitzats.<\/li>\n<li>Assessorar els\/les clients\/es sobre canvis en la seva imatge personal mitjan\u00e7ant cures est\u00e8tiques.<\/li>\n<li>Assessorar els\/les clients\/es sobre canvis en la seva imatge personal mitjan\u00e7ant la indument\u00e0ria i els complements.<\/li>\n<li>Assessorar el\/la client\/a en les actuacions de protocol i usos socials relacionats amb la imatge personal.<\/li>\n<li>Assessorar el\/la client\/a en t\u00e8cniques de comunicaci\u00f3 relacionades amb la imatge personal.<\/li>\n<li>Realitzar tractaments capil\u2022lars est\u00e8tics en condicions de seguretat i higiene.<\/li>\n<\/ul>\n<\/div>\n\t\t\t\t\t\t\t<\/div>\n\t\t\t\t\t\t<\/div><div class=\"jet-accordion__item jet-toggle jet-toggle-move-up-effect \">\n\t\t\t\t\t\t\t<div id=\"jet-toggle-control-1102\" class=\"jet-toggle__control elementor-menu-anchor\" data-toggle=\"2\" role=\"button\" tabindex=\"0\" aria-controls=\"jet-toggle-content-1102\" aria-expanded=\"false\" data-template-id=\"false\">\n\t\t\t\t\t\t\t\t<div class=\"jet-toggle__label-icon jet-toggle-icon-position-right\"><span class=\"jet-toggle__icon icon-normal jet-tabs-icon\"><svg class=\"e-font-icon-svg e-fas-angle-right\" viewBox=\"0 0 256 512\" xmlns=\"http:\/\/www.w3.org\/2000\/svg\"><path d=\"M224.3 273l-136 136c-9.4 9.4-24.6 9.4-33.9 0l-22.6-22.6c-9.4-9.4-9.4-24.6 0-33.9l96.4-96.4-96.4-96.4c-9.4-9.4-9.4-24.6 0-33.9L54.3 103c9.4-9.4 24.6-9.4 33.9 0l136 136c9.5 9.4 9.5 24.6.1 34z\"><\/path><\/svg><\/span><span class=\"jet-toggle__icon icon-active jet-tabs-icon\"><svg class=\"e-font-icon-svg e-fas-angle-down\" viewBox=\"0 0 320 512\" xmlns=\"http:\/\/www.w3.org\/2000\/svg\"><path d=\"M143 352.3L7 216.3c-9.4-9.4-9.4-24.6 0-33.9l22.6-22.6c9.4-9.4 24.6-9.4 33.9 0l96.4 96.4 96.4-96.4c9.4-9.4 24.6-9.4 33.9 0l22.6 22.6c9.4 9.4 9.4 24.6 0 33.9l-136 136c-9.2 9.4-24.4 9.4-33.8 0z\"><\/path><\/svg><\/span><\/div><div class=\"jet-toggle__label-text\">Confecci\u00f3 de vestuari a mida en t\u00e8xtil<\/div>\t\t\t\t\t\t\t<\/div>\n\t\t\t\t\t\t\t<div id=\"jet-toggle-content-1102\" class=\"jet-toggle__content\" data-toggle=\"2\" role=\"region\" data-template-id=\"false\">\n\t\t\t\t\t\t\t\t<div class=\"jet-toggle__content-inner\"><p><b>Acreditaci\u00f3 d&#8217;unitats de compet\u00e8ncia en Confecci\u00f3 i moda:<\/b><\/p>\n<ul>\n<li>Recon\u00e8ixer mat\u00e8ries primeres i productes de confecci\u00f3, cal\u00e7at i marroquineria.<\/li>\n<li>Acoblar peces de teixits i laminats.<\/li>\n<li>Acoblar peces de pells i cuirs.<\/li>\n<li>Realitzar l&#8217;acabat de peces i complements en t\u00e8xtil i pell.<\/li>\n<li>Realitzar acabats especials d&#8217;articles i peces.<\/li>\n<li>Preparar materials, eines, m\u00e0quines i equips de confecci\u00f3.<\/li>\n<li>Realitzar el tall i acoblament a m\u00e0 en la confecci\u00f3 a mida.<\/li>\n<li>Realitzar l&#8217;acoblament a m\u00e0quina en la confecci\u00f3 a mida.<\/li>\n<li>Realitzar l&#8217;acabat de peces i articles en confecci\u00f3 a mida.<\/li>\n<li>Atendre el\/la client\/a en els serveis de realitzaci\u00f3 de vestuari a mida.<\/li>\n<li>Realitzar operacions de tall.<\/li>\n<li>Realitzar operacions de tall.<\/li>\n<\/ul>\n<\/div>\n\t\t\t\t\t\t\t<\/div>\n\t\t\t\t\t\t<\/div>\t\t\t<\/div>\n\t\t<\/div>\n\t\t\t\t\t\t<\/div>\n\t\t\t\t<\/div>\n\t\t\t\t<\/div>\n\t\t\t\t<div class=\"elementor-element elementor-element-a128d06 elementor-widget__width-inherit elementor-widget-divider--view-line elementor-widget elementor-widget-divider\" data-id=\"a128d06\" data-element_type=\"widget\" data-e-type=\"widget\" data-widget_type=\"divider.default\">\n\t\t\t\t<div class=\"elementor-widget-container\">\n\t\t\t\t\t\t\t<div class=\"elementor-divider\">\n\t\t\t<span class=\"elementor-divider-separator\">\n\t\t\t\t\t\t<\/span>\n\t\t<\/div>\n\t\t\t\t\t\t<\/div>\n\t\t\t\t<\/div>\n\t\t\t\t<div class=\"elementor-element elementor-element-417cfa0 elementor-mobile-align-justify elementor-align-center elementor-widget__width-inherit elementor-widget elementor-widget-button\" data-id=\"417cfa0\" data-element_type=\"widget\" data-e-type=\"widget\" data-widget_type=\"button.default\">\n\t\t\t\t<div class=\"elementor-widget-container\">\n\t\t\t\t\t\t\t\t\t<div class=\"elementor-button-wrapper\">\n\t\t\t\t\t<a class=\"elementor-button elementor-button-link elementor-size-sm\" href=\"\/wp-content\/uploads\/2025\/01\/CV-laura-web-catalan.pdf\" target=\"_blank\">\n\t\t\t\t\t\t<span class=\"elementor-button-content-wrapper\">\n\t\t\t\t\t\t\t\t\t<span class=\"elementor-button-text\">El meu curr\u00edculum a la teva disposici\u00f3<\/span>\n\t\t\t\t\t<\/span>\n\t\t\t\t\t<\/a>\n\t\t\t\t<\/div>\n\t\t\t\t\t\t\t\t<\/div>\n\t\t\t\t<\/div>\n\t\t\t\t<\/div>\n\t\t\t\t<\/div>\n\t\t<div class=\"elementor-element elementor-element-5bdd946 e-con-full e-flex e-con e-parent\" data-id=\"5bdd946\" data-element_type=\"container\" data-e-type=\"container\" data-settings=\"{&quot;jet_parallax_layout_list&quot;:[],&quot;background_background&quot;:&quot;classic&quot;}\">\n\t\t<div class=\"elementor-element elementor-element-b704479 e-con-full e-flex e-con e-child\" data-id=\"b704479\" data-element_type=\"container\" data-e-type=\"container\" data-settings=\"{&quot;jet_parallax_layout_list&quot;:[]}\">\n\t\t<div class=\"elementor-element elementor-element-41ff1a0 e-con-full e-flex e-con e-child\" data-id=\"41ff1a0\" data-element_type=\"container\" data-e-type=\"container\" data-settings=\"{&quot;jet_parallax_layout_list&quot;:[]}\">\n\t\t\t\t<div class=\"elementor-element elementor-element-b732b67 elementor-widget elementor-widget-image\" data-id=\"b732b67\" data-element_type=\"widget\" data-e-type=\"widget\" data-widget_type=\"image.default\">\n\t\t\t\t<div class=\"elementor-widget-container\">\n\t\t\t\t\t\t\t\t\t\t\t\t\t\t\t<img fetchpriority=\"high\" decoding=\"async\" width=\"1200\" height=\"1800\" src=\"https:\/\/www.lauracosta.com\/wp-content\/uploads\/2024\/10\/laura-conoceme-imagen.jpg\" class=\"attachment-full size-full wp-image-2675\" alt=\"\" srcset=\"https:\/\/www.lauracosta.com\/wp-content\/uploads\/2024\/10\/laura-conoceme-imagen.jpg 1200w, https:\/\/www.lauracosta.com\/wp-content\/uploads\/2024\/10\/laura-conoceme-imagen-200x300.jpg 200w, https:\/\/www.lauracosta.com\/wp-content\/uploads\/2024\/10\/laura-conoceme-imagen-683x1024.jpg 683w, https:\/\/www.lauracosta.com\/wp-content\/uploads\/2024\/10\/laura-conoceme-imagen-768x1152.jpg 768w, https:\/\/www.lauracosta.com\/wp-content\/uploads\/2024\/10\/laura-conoceme-imagen-1024x1536.jpg 1024w, https:\/\/www.lauracosta.com\/wp-content\/uploads\/2024\/10\/laura-conoceme-imagen-600x900.jpg 600w\" sizes=\"(max-width: 1200px) 100vw, 1200px\" \/>\t\t\t\t\t\t\t\t\t\t\t\t\t\t\t<\/div>\n\t\t\t\t<\/div>\n\t\t\t\t<\/div>\n\t\t<div class=\"elementor-element elementor-element-c4eb8f3 e-con-full e-flex e-con e-child\" data-id=\"c4eb8f3\" data-element_type=\"container\" data-e-type=\"container\" data-settings=\"{&quot;jet_parallax_layout_list&quot;:[]}\">\n\t\t\t\t<div class=\"elementor-element elementor-element-e0ead22 elementor-widget__width-inherit elementor-widget elementor-widget-heading\" data-id=\"e0ead22\" data-element_type=\"widget\" data-e-type=\"widget\" data-widget_type=\"heading.default\">\n\t\t\t\t<div class=\"elementor-widget-container\">\n\t\t\t\t\t<h2 class=\"elementor-heading-title elementor-size-default\">Els serveis que ofereixo segueixen la seg\u00fcent metodologia:<\/h2>\t\t\t\t<\/div>\n\t\t\t\t<\/div>\n\t\t\t\t<div class=\"elementor-element elementor-element-9fabc73 elementor-align-start elementor-widget__width-inherit elementor-icon-list--layout-traditional elementor-list-item-link-full_width elementor-widget elementor-widget-icon-list\" data-id=\"9fabc73\" data-element_type=\"widget\" data-e-type=\"widget\" data-widget_type=\"icon-list.default\">\n\t\t\t\t<div class=\"elementor-widget-container\">\n\t\t\t\t\t\t\t<ul class=\"elementor-icon-list-items\">\n\t\t\t\t\t\t\t<li class=\"elementor-icon-list-item\">\n\t\t\t\t\t\t\t\t\t\t\t<span class=\"elementor-icon-list-icon\">\n\t\t\t\t\t\t\t<svg xmlns=\"http:\/\/www.w3.org\/2000\/svg\" width=\"58.5\" height=\"58.5\" viewBox=\"0 0 58.5 58.5\"><g id=\"Grupo_13004\" data-name=\"Grupo 13004\" transform=\"translate(-739 -2023)\"><path id=\"Trazado_18609\" data-name=\"Trazado 18609\" d=\"M29.25,0A29.25,29.25,0,1,1,0,29.25,29.25,29.25,0,0,1,29.25,0Z\" transform=\"translate(739 2023)\" fill=\"#5c0e8a\"><\/path><path id=\"Trazado_18608\" data-name=\"Trazado 18608\" d=\"M5.544,0V-18.414L2.277-16.665l-.891-1.98,4.95-2.8H9.867V0Z\" transform=\"translate(762 2062)\" fill=\"#fff\"><\/path><\/g><\/svg>\t\t\t\t\t\t<\/span>\n\t\t\t\t\t\t\t\t\t\t<span class=\"elementor-icon-list-text\"><b>Entrevista personal de valoraci\u00f3 i an\u00e0lisi.<\/b><br><em>\u201cNecessito con\u00e8ixer-te per a assessorar-te degudament\u201d<\/em><\/span>\n\t\t\t\t\t\t\t\t\t<\/li>\n\t\t\t\t\t\t\t\t<li class=\"elementor-icon-list-item\">\n\t\t\t\t\t\t\t\t\t\t\t<span class=\"elementor-icon-list-icon\">\n\t\t\t\t\t\t\t<svg xmlns=\"http:\/\/www.w3.org\/2000\/svg\" width=\"58.5\" height=\"58.5\" viewBox=\"0 0 58.5 58.5\"><g id=\"Grupo_13005\" data-name=\"Grupo 13005\" transform=\"translate(-739 -2118)\"><path id=\"Trazado_18611\" data-name=\"Trazado 18611\" d=\"M29.25,0A29.25,29.25,0,1,1,0,29.25,29.25,29.25,0,0,1,29.25,0Z\" transform=\"translate(739 2118)\" fill=\"#5c0e8a\"><\/path><path id=\"Trazado_18610\" data-name=\"Trazado 18610\" d=\"M1.122-3.4A13.123,13.123,0,0,0,4.686-5.693a16.427,16.427,0,0,0,3.5-4.191,10.178,10.178,0,0,0,1.485-5.3,5.36,5.36,0,0,0-.726-3.283,2.967,2.967,0,0,0-2.409-.875,4.777,4.777,0,0,0-1.7.363,13.672,13.672,0,0,0-1.634.743q-.693.38-.891.511l-.462-2.31a6.9,6.9,0,0,1,.891-.495,13.989,13.989,0,0,1,2.112-.858,7.977,7.977,0,0,1,2.475-.4,7.522,7.522,0,0,1,5.362,1.733,6,6,0,0,1,1.832,4.571,9.407,9.407,0,0,1-2.442,6.138A28.493,28.493,0,0,1,6.237-4.125h8.58V0H1.122Z\" transform=\"translate(761 2158)\" fill=\"#fff\"><\/path><\/g><\/svg>\t\t\t\t\t\t<\/span>\n\t\t\t\t\t\t\t\t\t\t<span class=\"elementor-icon-list-text\"><b>Definim objectius est\u00e8tics i de projecci\u00f3 personal.<\/b><br><em>\u201cA on vols arribar?\u201d<\/em><\/span>\n\t\t\t\t\t\t\t\t\t<\/li>\n\t\t\t\t\t\t\t\t<li class=\"elementor-icon-list-item\">\n\t\t\t\t\t\t\t\t\t\t\t<span class=\"elementor-icon-list-icon\">\n\t\t\t\t\t\t\t<svg xmlns=\"http:\/\/www.w3.org\/2000\/svg\" width=\"58.5\" height=\"58.5\" viewBox=\"0 0 58.5 58.5\"><g id=\"Grupo_13006\" data-name=\"Grupo 13006\" transform=\"translate(-739 -2213)\"><path id=\"Trazado_18613\" data-name=\"Trazado 18613\" d=\"M29.25,0A29.25,29.25,0,1,1,0,29.25,29.25,29.25,0,0,1,29.25,0Z\" transform=\"translate(739 2213)\" fill=\"#5c0e8a\"><\/path><path id=\"Trazado_18612\" data-name=\"Trazado 18612\" d=\"M7.458.363A9.515,9.515,0,0,1,4.109-.165,7.936,7.936,0,0,1,1.931-1.32q-.776-.627-.776-.726L2.343-3.993a3.322,3.322,0,0,0,.693.594,8.293,8.293,0,0,0,1.716.974A5.316,5.316,0,0,0,6.9-1.98,3.2,3.2,0,0,0,9.5-2.97a5.115,5.115,0,0,0,.825-3.267A6.114,6.114,0,0,0,9.768-9.29,1.971,1.971,0,0,0,7.953-10.2a2.52,2.52,0,0,0-1.716.891l-.066.066L4.818-10.758l5.28-6.534H2.178l.231-4.158H13.992v2.772l-5.28,6.369h.2A6.611,6.611,0,0,1,12-11.583a5.408,5.408,0,0,1,2.211,2.1A6.347,6.347,0,0,1,15.015-6.2,5.989,5.989,0,0,1,13.959-2.64,6.6,6.6,0,0,1,11.17-.4,9.149,9.149,0,0,1,7.458.363Z\" transform=\"translate(761 2253)\" fill=\"#fff\"><\/path><\/g><\/svg>\t\t\t\t\t\t<\/span>\n\t\t\t\t\t\t\t\t\t\t<span class=\"elementor-icon-list-text\"><b>Duem a terme la realitzaci\u00f3 dels canvis mitjan\u00e7ant les eines pr\u00f2pies de la imatge externa: indument\u00e0ria, pentinat, accessoris, color\u2026<\/b> <br><em>\u201cEt mostro el cam\u00ed i si vols t'acompanyo\u201d<\/em><\/span>\n\t\t\t\t\t\t\t\t\t<\/li>\n\t\t\t\t\t\t<\/ul>\n\t\t\t\t\t\t<\/div>\n\t\t\t\t<\/div>\n\t\t\t\t<div class=\"elementor-element elementor-element-5485bc6 elementor-widget__width-inherit elementor-widget-divider--view-line elementor-widget elementor-widget-divider\" data-id=\"5485bc6\" data-element_type=\"widget\" data-e-type=\"widget\" data-widget_type=\"divider.default\">\n\t\t\t\t<div class=\"elementor-widget-container\">\n\t\t\t\t\t\t\t<div class=\"elementor-divider\">\n\t\t\t<span class=\"elementor-divider-separator\">\n\t\t\t\t\t\t<\/span>\n\t\t<\/div>\n\t\t\t\t\t\t<\/div>\n\t\t\t\t<\/div>\n\t\t\t\t<div class=\"elementor-element elementor-element-21b8d51 elementor-widget__width-inherit elementor-widget elementor-widget-heading\" data-id=\"21b8d51\" data-element_type=\"widget\" data-e-type=\"widget\" data-widget_type=\"heading.default\">\n\t\t\t\t<div class=\"elementor-widget-container\">\n\t\t\t\t\t<h2 class=\"elementor-heading-title elementor-size-default\">Els principals prop\u00f2sits s\u00f3n:<\/h2>\t\t\t\t<\/div>\n\t\t\t\t<\/div>\n\t\t\t\t<div class=\"elementor-element elementor-element-fdf8339 elementor-align-start elementor-widget__width-inherit elementor-icon-list--layout-traditional elementor-list-item-link-full_width elementor-widget elementor-widget-icon-list\" data-id=\"fdf8339\" data-element_type=\"widget\" data-e-type=\"widget\" data-widget_type=\"icon-list.default\">\n\t\t\t\t<div class=\"elementor-widget-container\">\n\t\t\t\t\t\t\t<ul class=\"elementor-icon-list-items\">\n\t\t\t\t\t\t\t<li class=\"elementor-icon-list-item\">\n\t\t\t\t\t\t\t\t\t\t\t<span class=\"elementor-icon-list-icon\">\n\t\t\t\t\t\t\t<svg aria-hidden=\"true\" class=\"e-font-icon-svg e-fas-circle\" viewBox=\"0 0 512 512\" xmlns=\"http:\/\/www.w3.org\/2000\/svg\"><path d=\"M256 8C119 8 8 119 8 256s111 248 248 248 248-111 248-248S393 8 256 8z\"><\/path><\/svg>\t\t\t\t\t\t<\/span>\n\t\t\t\t\t\t\t\t\t\t<span class=\"elementor-icon-list-text\">Treure m\u00e0xim partit al teu aspecte f\u00edsic, mitjan\u00e7ant compensacions est\u00e8tiques<\/span>\n\t\t\t\t\t\t\t\t\t<\/li>\n\t\t\t\t\t\t\t\t<li class=\"elementor-icon-list-item\">\n\t\t\t\t\t\t\t\t\t\t\t<span class=\"elementor-icon-list-icon\">\n\t\t\t\t\t\t\t<svg aria-hidden=\"true\" class=\"e-font-icon-svg e-fas-circle\" viewBox=\"0 0 512 512\" xmlns=\"http:\/\/www.w3.org\/2000\/svg\"><path d=\"M256 8C119 8 8 119 8 256s111 248 248 248 248-111 248-248S393 8 256 8z\"><\/path><\/svg>\t\t\t\t\t\t<\/span>\n\t\t\t\t\t\t\t\t\t\t<span class=\"elementor-icon-list-text\">Ensenyar-te com projectar la teva personalitat a trav\u00e9s del teu estil<\/span>\n\t\t\t\t\t\t\t\t\t<\/li>\n\t\t\t\t\t\t\t\t<li class=\"elementor-icon-list-item\">\n\t\t\t\t\t\t\t\t\t\t\t<span class=\"elementor-icon-list-icon\">\n\t\t\t\t\t\t\t<svg aria-hidden=\"true\" class=\"e-font-icon-svg e-fas-circle\" viewBox=\"0 0 512 512\" xmlns=\"http:\/\/www.w3.org\/2000\/svg\"><path d=\"M256 8C119 8 8 119 8 256s111 248 248 248 248-111 248-248S393 8 256 8z\"><\/path><\/svg>\t\t\t\t\t\t<\/span>\n\t\t\t\t\t\t\t\t\t\t<span class=\"elementor-icon-list-text\">Adaptar la teva imatge a les necessitats i exig\u00e8ncies en els diversos contextos de la teva vida<\/span>\n\t\t\t\t\t\t\t\t\t<\/li>\n\t\t\t\t\t\t<\/ul>\n\t\t\t\t\t\t<\/div>\n\t\t\t\t<\/div>\n\t\t\t\t<div class=\"elementor-element elementor-element-c8e5c84 elementor-widget__width-inherit elementor-widget-divider--view-line elementor-widget elementor-widget-divider\" data-id=\"c8e5c84\" data-element_type=\"widget\" data-e-type=\"widget\" data-widget_type=\"divider.default\">\n\t\t\t\t<div class=\"elementor-widget-container\">\n\t\t\t\t\t\t\t<div class=\"elementor-divider\">\n\t\t\t<span class=\"elementor-divider-separator\">\n\t\t\t\t\t\t<\/span>\n\t\t<\/div>\n\t\t\t\t\t\t<\/div>\n\t\t\t\t<\/div>\n\t\t\t\t<div class=\"elementor-element elementor-element-9c679a2 elementor-widget__width-inherit elementor-widget elementor-widget-heading\" data-id=\"9c679a2\" data-element_type=\"widget\" data-e-type=\"widget\" data-widget_type=\"heading.default\">\n\t\t\t\t<div class=\"elementor-widget-container\">\n\t\t\t\t\t<h2 class=\"elementor-heading-title elementor-size-default\">\u201cEt guio cap al canvi que desitges\u201d<\/h2>\t\t\t\t<\/div>\n\t\t\t\t<\/div>\n\t\t\t\t<\/div>\n\t\t\t\t<\/div>\n\t\t\t\t<\/div>\n\t\t<div class=\"elementor-element elementor-element-dc57fa3 e-con-full e-flex e-con e-parent\" data-id=\"dc57fa3\" data-element_type=\"container\" data-e-type=\"container\" data-settings=\"{&quot;jet_parallax_layout_list&quot;:[],&quot;background_background&quot;:&quot;classic&quot;}\">\n\t\t<div class=\"elementor-element elementor-element-65c1029 e-con-full e-flex e-con e-child\" data-id=\"65c1029\" data-element_type=\"container\" data-e-type=\"container\" data-settings=\"{&quot;jet_parallax_layout_list&quot;:[]}\">\n\t\t\t\t<div class=\"elementor-element elementor-element-3ed5190 elementor-widget__width-inherit elementor-widget elementor-widget-heading\" data-id=\"3ed5190\" data-element_type=\"widget\" data-e-type=\"widget\" data-widget_type=\"heading.default\">\n\t\t\t\t<div class=\"elementor-widget-container\">\n\t\t\t\t\t<h2 class=\"elementor-heading-title elementor-size-default\">Et guio cap al canvi que desitges<\/h2>\t\t\t\t<\/div>\n\t\t\t\t<\/div>\n\t\t\t\t<div class=\"elementor-element elementor-element-cdec050 elementor-widget__width-inherit elementor-widget elementor-widget-heading\" data-id=\"cdec050\" data-element_type=\"widget\" data-e-type=\"widget\" data-widget_type=\"heading.default\">\n\t\t\t\t<div class=\"elementor-widget-container\">\n\t\t\t\t\t<h3 class=\"elementor-heading-title elementor-size-default\">Vaig n\u00e9ixer en el 1970<\/h3>\t\t\t\t<\/div>\n\t\t\t\t<\/div>\n\t\t\t\t<div class=\"elementor-element elementor-element-f79169a elementor-widget__width-inherit elementor-widget elementor-widget-heading\" data-id=\"f79169a\" data-element_type=\"widget\" data-e-type=\"widget\" data-widget_type=\"heading.default\">\n\t\t\t\t<div class=\"elementor-widget-container\">\n\t\t\t\t\t<h4 class=\"elementor-heading-title elementor-size-default\">\u201cEm considero una cinquantanyera orgullosa\u201d<\/h4>\t\t\t\t<\/div>\n\t\t\t\t<\/div>\n\t\t\t\t<div class=\"elementor-element elementor-element-5a435e9 elementor-widget elementor-widget-text-editor\" data-id=\"5a435e9\" data-element_type=\"widget\" data-e-type=\"widget\" data-widget_type=\"text-editor.default\">\n\t\t\t\t<div class=\"elementor-widget-container\">\n\t\t\t\t\t\t\t\t\t<p>S\u00ed, ja tinc els meus 54, i ho dic amb orgull!! Durant tots aquests anys he viscut cada minut intensament i encara que la vida no ha estat f\u00e0cil, m&#8217;ha regalat grans aprenentatges.<\/p>\n\t\t\t\t\t\t\t\t<\/div>\n\t\t\t\t<\/div>\n\t\t\t\t<div class=\"elementor-element elementor-element-d0f38ca elementor-widget__width-inherit elementor-widget elementor-widget-heading\" data-id=\"d0f38ca\" data-element_type=\"widget\" data-e-type=\"widget\" data-widget_type=\"heading.default\">\n\t\t\t\t<div class=\"elementor-widget-container\">\n\t\t\t\t\t<h3 class=\"elementor-heading-title elementor-size-default\">Els meus or\u00edgens professionals<\/h3>\t\t\t\t<\/div>\n\t\t\t\t<\/div>\n\t\t\t\t<div class=\"elementor-element elementor-element-19fb188 elementor-widget__width-inherit elementor-widget elementor-widget-heading\" data-id=\"19fb188\" data-element_type=\"widget\" data-e-type=\"widget\" data-widget_type=\"heading.default\">\n\t\t\t\t<div class=\"elementor-widget-container\">\n\t\t\t\t\t<h4 class=\"elementor-heading-title elementor-size-default\">\u201cLa meva experi\u00e8ncia \u00e9s la garantia\u201d<\/h4>\t\t\t\t<\/div>\n\t\t\t\t<\/div>\n\t\t\t\t<div class=\"elementor-element elementor-element-d766790 elementor-widget elementor-widget-text-editor\" data-id=\"d766790\" data-element_type=\"widget\" data-e-type=\"widget\" data-widget_type=\"text-editor.default\">\n\t\t\t\t<div class=\"elementor-widget-container\">\n\t\t\t\t\t\t\t\t\t<p>Vaig comen\u00e7ar amb divuit anys treballant en el taller d&#8217;alta costura de la meva fam\u00edlia. Vaig estudiar disseny, patronatge, escalat i vaig aprendre tot el procediment de creaci\u00f3 d&#8217;una pe\u00e7a, aix\u00ed com de vendes i tracte amb clients. Amb trenta-dos anys vaig crear la meva pr\u00f2pia empresa de confecci\u00f3 amb el nom de Laura Costa Barcelona, venent en l&#8217;\u00e0mbit nacional. Set anys m\u00e9s tard em vaig formar com a Assessora d&#8217;Imatge Personal, Personal Shopper, maquilladora i t\u00e8cnica en visagisme.<br \/>\nL&#8217;experi\u00e8ncia pr\u00e8via de molts anys en el m\u00f3n de la imatge personal i la moda em va servir d&#8217;impuls i fins ara sempre he estat treballant en l&#8217;assessoria d&#8217;imatge personal i corporativa.<\/p>\n\t\t\t\t\t\t\t\t<\/div>\n\t\t\t\t<\/div>\n\t\t\t\t<div class=\"elementor-element elementor-element-83d3d04 elementor-widget__width-inherit elementor-widget elementor-widget-heading\" data-id=\"83d3d04\" data-element_type=\"widget\" data-e-type=\"widget\" data-widget_type=\"heading.default\">\n\t\t\t\t<div class=\"elementor-widget-container\">\n\t\t\t\t\t<h3 class=\"elementor-heading-title elementor-size-default\">S\u00f3c mestra de Kundalini, Ioga i meditaci\u00f3<\/h3>\t\t\t\t<\/div>\n\t\t\t\t<\/div>\n\t\t\t\t<div class=\"elementor-element elementor-element-d02c7ca elementor-widget__width-inherit elementor-widget elementor-widget-heading\" data-id=\"d02c7ca\" data-element_type=\"widget\" data-e-type=\"widget\" data-widget_type=\"heading.default\">\n\t\t\t\t<div class=\"elementor-widget-container\">\n\t\t\t\t\t<h4 class=\"elementor-heading-title elementor-size-default\">\u201cNo hi ha judicis, la comprensi\u00f3 i acceptaci\u00f3 guien les meves sessions\u201d<\/h4>\t\t\t\t<\/div>\n\t\t\t\t<\/div>\n\t\t\t\t<div class=\"elementor-element elementor-element-17f1db5 elementor-widget elementor-widget-text-editor\" data-id=\"17f1db5\" data-element_type=\"widget\" data-e-type=\"widget\" data-widget_type=\"text-editor.default\">\n\t\t\t\t<div class=\"elementor-widget-container\">\n\t\t\t\t\t\t\t\t\t<p>Despr\u00e9s de vint anys practicant ioga, fa set anys em vaig formar com a mestra de kundalini i meditaci\u00f3. Aquesta experi\u00e8ncia m&#8217;ha ensenyat a captar m\u00e9s enll\u00e0 del que podem percebre amb els sentits. Aix\u00f2 m&#8217;ajuda a comprendre i empatitzar amb els meus clients, per a establir connexions d&#8217;enteniment profund.<br \/>\nEn les meves sessions, mai es jutja a ning\u00fa. Entenc que tots\/es som diferents i precisament, en aquest aspecte radica la gr\u00e0cia. Sento un profund respecte per cada \u00e9sser hum\u00e0.<\/p>\n\t\t\t\t\t\t\t\t<\/div>\n\t\t\t\t<\/div>\n\t\t\t\t<div class=\"elementor-element elementor-element-ac69977 elementor-widget__width-inherit elementor-widget elementor-widget-heading\" data-id=\"ac69977\" data-element_type=\"widget\" data-e-type=\"widget\" data-widget_type=\"heading.default\">\n\t\t\t\t<div class=\"elementor-widget-container\">\n\t\t\t\t\t<h3 class=\"elementor-heading-title elementor-size-default\">M'encanten els reptes<\/h3>\t\t\t\t<\/div>\n\t\t\t\t<\/div>\n\t\t\t\t<div class=\"elementor-element elementor-element-9a81925 elementor-widget__width-inherit elementor-widget elementor-widget-heading\" data-id=\"9a81925\" data-element_type=\"widget\" data-e-type=\"widget\" data-widget_type=\"heading.default\">\n\t\t\t\t<div class=\"elementor-widget-container\">\n\t\t\t\t\t<h4 class=\"elementor-heading-title elementor-size-default\">\u201cDona'm la teva m\u00e0 i et portar\u00e9 on vulguis\u201d<\/h4>\t\t\t\t<\/div>\n\t\t\t\t<\/div>\n\t\t\t\t<div class=\"elementor-element elementor-element-6f6bdc5 elementor-widget elementor-widget-text-editor\" data-id=\"6f6bdc5\" data-element_type=\"widget\" data-e-type=\"widget\" data-widget_type=\"text-editor.default\">\n\t\t\t\t<div class=\"elementor-widget-container\">\n\t\t\t\t\t\t\t\t\t<p>Crec en la superaci\u00f3 personal. Els reptes em demostren que tot \u00e9s possible, si pots sobrepassar els l\u00edmits de la ment. Cada client \u00e9s un repte, una hist\u00f2ria, una inquietud\u2026 I per a mi una nova missi\u00f3.<\/p>\n\t\t\t\t\t\t\t\t<\/div>\n\t\t\t\t<\/div>\n\t\t\t\t<div class=\"elementor-element elementor-element-97ae26f elementor-widget__width-inherit elementor-widget elementor-widget-heading\" data-id=\"97ae26f\" data-element_type=\"widget\" data-e-type=\"widget\" data-widget_type=\"heading.default\">\n\t\t\t\t<div class=\"elementor-widget-container\">\n\t\t\t\t\t<h3 class=\"elementor-heading-title elementor-size-default\">Em considero una persona creativa<\/h3>\t\t\t\t<\/div>\n\t\t\t\t<\/div>\n\t\t\t\t<div class=\"elementor-element elementor-element-1775d11 elementor-widget__width-inherit elementor-widget elementor-widget-heading\" data-id=\"1775d11\" data-element_type=\"widget\" data-e-type=\"widget\" data-widget_type=\"heading.default\">\n\t\t\t\t<div class=\"elementor-widget-container\">\n\t\t\t\t\t<h4 class=\"elementor-heading-title elementor-size-default\">\u201cLa creativitat m'acompanya di\u00e0riament\u201d<\/h4>\t\t\t\t<\/div>\n\t\t\t\t<\/div>\n\t\t\t\t<div class=\"elementor-element elementor-element-4e4d08a elementor-widget elementor-widget-text-editor\" data-id=\"4e4d08a\" data-element_type=\"widget\" data-e-type=\"widget\" data-widget_type=\"text-editor.default\">\n\t\t\t\t<div class=\"elementor-widget-container\">\n\t\t\t\t\t\t\t\t\t<p>Soc creativa en qualsevol acci\u00f3 de la meva vida, no ho puc evitar. M&#8217;agrada experimentar amb altres maneres de fer les coses m\u00e9s habituals: cuinar, pintar, escriure\u2026 Aquesta creativitat, per descomptat, la trasllado tamb\u00e9 en la meva \u00e0rea professional en escriure informes, crear de outfits, preparar presentacions per a empreses, etc.<\/p>\n\t\t\t\t\t\t\t\t<\/div>\n\t\t\t\t<\/div>\n\t\t\t\t<div class=\"elementor-element elementor-element-976af5a elementor-widget__width-inherit elementor-widget elementor-widget-heading\" data-id=\"976af5a\" data-element_type=\"widget\" data-e-type=\"widget\" data-widget_type=\"heading.default\">\n\t\t\t\t<div class=\"elementor-widget-container\">\n\t\t\t\t\t<h3 class=\"elementor-heading-title elementor-size-default\">Necessito contacte amb la Naturalesa<\/h3>\t\t\t\t<\/div>\n\t\t\t\t<\/div>\n\t\t\t\t<div class=\"elementor-element elementor-element-afa717b elementor-widget__width-inherit elementor-widget elementor-widget-heading\" data-id=\"afa717b\" data-element_type=\"widget\" data-e-type=\"widget\" data-widget_type=\"heading.default\">\n\t\t\t\t<div class=\"elementor-widget-container\">\n\t\t\t\t\t<h4 class=\"elementor-heading-title elementor-size-default\">\u201cEl sol, el cel, la mar i la contemplaci\u00f3 em renoven\u201d<\/h4>\t\t\t\t<\/div>\n\t\t\t\t<\/div>\n\t\t\t\t<div class=\"elementor-element elementor-element-8d5b193 elementor-widget elementor-widget-text-editor\" data-id=\"8d5b193\" data-element_type=\"widget\" data-e-type=\"widget\" data-widget_type=\"text-editor.default\">\n\t\t\t\t<div class=\"elementor-widget-container\">\n\t\t\t\t\t\t\t\t\t<p>Necessito contacte amb qualsevol element de la naturalesa per al meu equilibri interior. Soc una gran aficionada a la jardineria i m&#8217;encanten els animals. Aquest aspecte influeix en el meu treball, de manera que defujo de qualsevol operaci\u00f3 o tractament invasiu est\u00e8tic, i sempre aposto pels tractaments naturals.<\/p>\n\t\t\t\t\t\t\t\t<\/div>\n\t\t\t\t<\/div>\n\t\t\t\t<div class=\"elementor-element elementor-element-693473c elementor-widget__width-inherit elementor-widget elementor-widget-heading\" data-id=\"693473c\" data-element_type=\"widget\" data-e-type=\"widget\" data-widget_type=\"heading.default\">\n\t\t\t\t<div class=\"elementor-widget-container\">\n\t\t\t\t\t<h3 class=\"elementor-heading-title elementor-size-default\">Tinc dos fills<\/h3>\t\t\t\t<\/div>\n\t\t\t\t<\/div>\n\t\t\t\t<div class=\"elementor-element elementor-element-08c490d elementor-widget__width-inherit elementor-widget elementor-widget-heading\" data-id=\"08c490d\" data-element_type=\"widget\" data-e-type=\"widget\" data-widget_type=\"heading.default\">\n\t\t\t\t<div class=\"elementor-widget-container\">\n\t\t\t\t\t<h4 class=\"elementor-heading-title elementor-size-default\">\u201cSer mare em permet veure la vida des d'una altra finestra\u201d<\/h4>\t\t\t\t<\/div>\n\t\t\t\t<\/div>\n\t\t\t\t<div class=\"elementor-element elementor-element-2eb1bed elementor-widget elementor-widget-text-editor\" data-id=\"2eb1bed\" data-element_type=\"widget\" data-e-type=\"widget\" data-widget_type=\"text-editor.default\">\n\t\t\t\t<div class=\"elementor-widget-container\">\n\t\t\t\t\t\t\t\t\t<p>Tinc dos fills, de dos matrimonis diferents. Ells s\u00f3n els que m&#8217;arrelen a la terra, els qui em situen on haig d&#8217;estar i dels quals aprenc di\u00e0riament les lli\u00e7ons m\u00e9s valuoses.<br \/>\nAlguns dels meus clients s\u00f3n adolescents. Tenir fills m&#8217;ajuda a poder entendre i oferir el tracte m\u00e9s encertat, als meus clients m\u00e9s joves.<\/p>\n\t\t\t\t\t\t\t\t<\/div>\n\t\t\t\t<\/div>\n\t\t\t\t<div class=\"elementor-element elementor-element-000924b elementor-widget__width-inherit elementor-widget elementor-widget-heading\" data-id=\"000924b\" data-element_type=\"widget\" data-e-type=\"widget\" data-widget_type=\"heading.default\">\n\t\t\t\t<div class=\"elementor-widget-container\">\n\t\t\t\t\t<h3 class=\"elementor-heading-title elementor-size-default\">Dos pa\u00efsos importants per a mi: el Marroc i els Estats Units<\/h3>\t\t\t\t<\/div>\n\t\t\t\t<\/div>\n\t\t\t\t<div class=\"elementor-element elementor-element-2369cb3 elementor-widget__width-inherit elementor-widget elementor-widget-heading\" data-id=\"2369cb3\" data-element_type=\"widget\" data-e-type=\"widget\" data-widget_type=\"heading.default\">\n\t\t\t\t<div class=\"elementor-widget-container\">\n\t\t\t\t\t<h4 class=\"elementor-heading-title elementor-size-default\">\u201cEm sento connectada a aquests dos pa\u00efsos que m'han regalat relacions aut\u00e8ntiques\u201d<\/h4>\t\t\t\t<\/div>\n\t\t\t\t<\/div>\n\t\t\t\t<div class=\"elementor-element elementor-element-a0a0626 elementor-widget elementor-widget-text-editor\" data-id=\"a0a0626\" data-element_type=\"widget\" data-e-type=\"widget\" data-widget_type=\"text-editor.default\">\n\t\t\t\t<div class=\"elementor-widget-container\">\n\t\t\t\t\t\t\t\t\t<p>El meu marit \u00e9s americ\u00e0 i el meu segon fill va n\u00e9ixer al Marroc. A casa parlem catal\u00e0, castell\u00e0 i angl\u00e8s. Em sento afortunada d&#8217;haver format una fam\u00edlia open mind, multicultural.<br \/>\nAquest aspecte m&#8217;ha perm\u00e8s estar al corrent de les tend\u00e8ncies m\u00e9s enll\u00e0 de les fronteres i de noves metodologies per a actualitzar-me i adaptar-me en tots els nivells.<\/p>\n\t\t\t\t\t\t\t\t<\/div>\n\t\t\t\t<\/div>\n\t\t\t\t<div class=\"elementor-element elementor-element-668c87f elementor-widget__width-inherit elementor-widget elementor-widget-heading\" data-id=\"668c87f\" data-element_type=\"widget\" data-e-type=\"widget\" data-widget_type=\"heading.default\">\n\t\t\t\t<div class=\"elementor-widget-container\">\n\t\t\t\t\t<h3 class=\"elementor-heading-title elementor-size-default\">M'agrada experimentar<\/h3>\t\t\t\t<\/div>\n\t\t\t\t<\/div>\n\t\t\t\t<div class=\"elementor-element elementor-element-0af7f44 elementor-widget__width-inherit elementor-widget elementor-widget-heading\" data-id=\"0af7f44\" data-element_type=\"widget\" data-e-type=\"widget\" data-widget_type=\"heading.default\">\n\t\t\t\t<div class=\"elementor-widget-container\">\n\t\t\t\t\t<h4 class=\"elementor-heading-title elementor-size-default\">\u201cEm nodreixo d'experi\u00e8ncies i les entenc com l'\u00fanic cam\u00ed per a l'aprenentatge\u201d<\/h4>\t\t\t\t<\/div>\n\t\t\t\t<\/div>\n\t\t\t\t<div class=\"elementor-element elementor-element-86c379b elementor-widget elementor-widget-text-editor\" data-id=\"86c379b\" data-element_type=\"widget\" data-e-type=\"widget\" data-widget_type=\"text-editor.default\">\n\t\t\t\t<div class=\"elementor-widget-container\">\n\t\t\t\t\t\t\t\t\t<p>S\u00ed, sempre que alg\u00fa m&#8217;ofereix una col\u2022laboraci\u00f3 em resulta dif\u00edcil dir que no. \u00c9s a dir, qu\u00e8 m&#8217;apunto a tot, o a gaireb\u00e9 tot! Em van oferir l&#8217;oportunitat de participar com a col\u2022laboradora en la secci\u00f3 de moda del programa SENSE CONTROL i sense dubtar-ho em vaig apuntar. La ra\u00f3 \u00e9s que em fascina la improvisaci\u00f3, el teatre i la interpretaci\u00f3.<\/p>\n\t\t\t\t\t\t\t\t<\/div>\n\t\t\t\t<\/div>\n\t\t\t\t<div class=\"elementor-element elementor-element-abe78ee elementor-widget__width-inherit elementor-widget elementor-widget-heading\" data-id=\"abe78ee\" data-element_type=\"widget\" data-e-type=\"widget\" data-widget_type=\"heading.default\">\n\t\t\t\t<div class=\"elementor-widget-container\">\n\t\t\t\t\t<h3 class=\"elementor-heading-title elementor-size-default\">Sento el desig d'ensenyar<\/h3>\t\t\t\t<\/div>\n\t\t\t\t<\/div>\n\t\t\t\t<div class=\"elementor-element elementor-element-c9231c4 elementor-widget__width-inherit elementor-widget elementor-widget-heading\" data-id=\"c9231c4\" data-element_type=\"widget\" data-e-type=\"widget\" data-widget_type=\"heading.default\">\n\t\t\t\t<div class=\"elementor-widget-container\">\n\t\t\t\t\t<h4 class=\"elementor-heading-title elementor-size-default\">\u201cL'alumne apareix quan el mestre est\u00e0 llest\u201d<\/h4>\t\t\t\t<\/div>\n\t\t\t\t<\/div>\n\t\t\t\t<div class=\"elementor-element elementor-element-e13d40f elementor-widget elementor-widget-text-editor\" data-id=\"e13d40f\" data-element_type=\"widget\" data-e-type=\"widget\" data-widget_type=\"text-editor.default\">\n\t\t\t\t<div class=\"elementor-widget-container\">\n\t\t\t\t\t\t\t\t\t<p>El meu primer contacte amb l&#8217;ensenyament sorgeix a partir de les classes de ioga i meditaci\u00f3. Gr\u00e0cies a aquest inici, sento la inquietud de compartir els ensenyaments apresos de la meva experi\u00e8ncia professional. Fruit d&#8217;aquest proc\u00e9s neixen els Cursos en l\u00ednia que ofereixo: Gotes de Carisma, Projecte Pres\u00e8ncia i Curs Mestratge.<\/p>\n\t\t\t\t\t\t\t\t<\/div>\n\t\t\t\t<\/div>\n\t\t\t\t<\/div>\n\t\t\t\t<\/div>\n\t\t<div class=\"elementor-element elementor-element-99844c4 e-con-full e-flex e-con e-parent\" data-id=\"99844c4\" data-element_type=\"container\" data-e-type=\"container\" data-settings=\"{&quot;background_background&quot;:&quot;classic&quot;,&quot;jet_parallax_layout_list&quot;:[]}\">\n\t\t<div class=\"elementor-element elementor-element-ba1db56 e-con-full e-flex e-con e-child\" data-id=\"ba1db56\" data-element_type=\"container\" data-e-type=\"container\" data-settings=\"{&quot;jet_parallax_layout_list&quot;:[]}\">\n\t\t\t\t<div class=\"elementor-element elementor-element-d2f267e elementor-widget elementor-widget-heading\" data-id=\"d2f267e\" data-element_type=\"widget\" data-e-type=\"widget\" data-widget_type=\"heading.default\">\n\t\t\t\t<div class=\"elementor-widget-container\">\n\t\t\t\t\t<h2 class=\"elementor-heading-title elementor-size-default\">Galeria d\u2019imatges<\/h2>\t\t\t\t<\/div>\n\t\t\t\t<\/div>\n\t\t\t\t<\/div>\n\t\t\t\t<\/div>\n\t\t<div class=\"elementor-element elementor-element-a264f47 e-con-full e-flex e-con e-parent\" data-id=\"a264f47\" data-element_type=\"container\" data-e-type=\"container\" data-settings=\"{&quot;background_background&quot;:&quot;classic&quot;,&quot;jet_parallax_layout_list&quot;:[]}\">\n\t\t<div class=\"elementor-element elementor-element-ded419d e-con-full e-flex e-con e-child\" data-id=\"ded419d\" data-element_type=\"container\" data-e-type=\"container\" data-settings=\"{&quot;jet_parallax_layout_list&quot;:[]}\">\n\t\t\t\t<div class=\"elementor-element elementor-element-2e8ac11 elementor-arrows-position-outside elementor-widget elementor-widget-image-carousel\" data-id=\"2e8ac11\" data-element_type=\"widget\" data-e-type=\"widget\" data-settings=\"{&quot;slides_to_show&quot;:&quot;4&quot;,&quot;slides_to_show_tablet&quot;:&quot;3&quot;,&quot;slides_to_show_mobile&quot;:&quot;1&quot;,&quot;slides_to_scroll&quot;:&quot;1&quot;,&quot;navigation&quot;:&quot;arrows&quot;,&quot;image_spacing_custom&quot;:{&quot;unit&quot;:&quot;px&quot;,&quot;size&quot;:40,&quot;sizes&quot;:[]},&quot;autoplay&quot;:&quot;no&quot;,&quot;infinite&quot;:&quot;yes&quot;,&quot;speed&quot;:500,&quot;image_spacing_custom_laptop&quot;:{&quot;unit&quot;:&quot;px&quot;,&quot;size&quot;:&quot;&quot;,&quot;sizes&quot;:[]},&quot;image_spacing_custom_tablet&quot;:{&quot;unit&quot;:&quot;px&quot;,&quot;size&quot;:&quot;&quot;,&quot;sizes&quot;:[]}}\" data-widget_type=\"image-carousel.default\">\n\t\t\t\t<div class=\"elementor-widget-container\">\n\t\t\t\t\t\t\t<div class=\"elementor-image-carousel-wrapper swiper\" role=\"region\" aria-roledescription=\"carousel\" aria-label=\"Carrusel de im\u00e1genes\" dir=\"ltr\">\n\t\t\t<div class=\"elementor-image-carousel swiper-wrapper\" aria-live=\"polite\">\n\t\t\t\t\t\t\t\t<div class=\"swiper-slide\" role=\"group\" aria-roledescription=\"slide\" aria-label=\"1 de 17\"><a data-elementor-open-lightbox=\"yes\" data-elementor-lightbox-slideshow=\"2e8ac11\" data-elementor-lightbox-title=\"laura-corta-galeria-imagenes-2\" data-e-action-hash=\"#elementor-action%3Aaction%3Dlightbox%26settings%3DeyJpZCI6MjI2MywidXJsIjoiaHR0cHM6XC9cL3d3dy5sYXVyYWNvc3RhLmNvbVwvd3AtY29udGVudFwvdXBsb2Fkc1wvMjAyNFwvMDVcL2xhdXJhLWNvcnRhLWdhbGVyaWEtaW1hZ2VuZXMtMi5qcGciLCJzbGlkZXNob3ciOiIyZThhYzExIn0%3D\" href=\"https:\/\/www.lauracosta.com\/wp-content\/uploads\/2024\/05\/laura-corta-galeria-imagenes-2.jpg\"><figure class=\"swiper-slide-inner\"><img decoding=\"async\" class=\"swiper-slide-image\" src=\"https:\/\/www.lauracosta.com\/wp-content\/uploads\/elementor\/thumbs\/laura-corta-galeria-imagenes-2-qo5h6e8ujubqn5kp4dl6wuwjxwe5dxoq58fzbfc9q8.jpg\" alt=\"laura-corta-galeria-imagenes-2\" \/><\/figure><\/a><\/div><div class=\"swiper-slide\" role=\"group\" aria-roledescription=\"slide\" aria-label=\"2 de 17\"><a data-elementor-open-lightbox=\"yes\" data-elementor-lightbox-slideshow=\"2e8ac11\" data-elementor-lightbox-title=\"laura-corta-galeria-imagenes-3\" data-e-action-hash=\"#elementor-action%3Aaction%3Dlightbox%26settings%3DeyJpZCI6MjI2NSwidXJsIjoiaHR0cHM6XC9cL3d3dy5sYXVyYWNvc3RhLmNvbVwvd3AtY29udGVudFwvdXBsb2Fkc1wvMjAyNFwvMDVcL2xhdXJhLWNvcnRhLWdhbGVyaWEtaW1hZ2VuZXMtMy5qcGciLCJzbGlkZXNob3ciOiIyZThhYzExIn0%3D\" href=\"https:\/\/www.lauracosta.com\/wp-content\/uploads\/2024\/05\/laura-corta-galeria-imagenes-3.jpg\"><figure class=\"swiper-slide-inner\"><img decoding=\"async\" class=\"swiper-slide-image\" src=\"https:\/\/www.lauracosta.com\/wp-content\/uploads\/elementor\/thumbs\/laura-corta-galeria-imagenes-3-qo5h6h2d4cfllzglnwt2mc6xq20910zx5mefr9837k.jpg\" alt=\"laura-corta-galeria-imagenes-3\" \/><\/figure><\/a><\/div><div class=\"swiper-slide\" role=\"group\" aria-roledescription=\"slide\" aria-label=\"3 de 17\"><a data-elementor-open-lightbox=\"yes\" data-elementor-lightbox-slideshow=\"2e8ac11\" data-elementor-lightbox-title=\"laura-corta-galeria-imagenes-4\" data-e-action-hash=\"#elementor-action%3Aaction%3Dlightbox%26settings%3DeyJpZCI6MjI2NywidXJsIjoiaHR0cHM6XC9cL3d3dy5sYXVyYWNvc3RhLmNvbVwvd3AtY29udGVudFwvdXBsb2Fkc1wvMjAyNFwvMDVcL2xhdXJhLWNvcnRhLWdhbGVyaWEtaW1hZ2VuZXMtNC5qcGciLCJzbGlkZXNob3ciOiIyZThhYzExIn0%3D\" href=\"https:\/\/www.lauracosta.com\/wp-content\/uploads\/2024\/05\/laura-corta-galeria-imagenes-4.jpg\"><figure class=\"swiper-slide-inner\"><img decoding=\"async\" class=\"swiper-slide-image\" src=\"https:\/\/www.lauracosta.com\/wp-content\/uploads\/elementor\/thumbs\/laura-corta-galeria-imagenes-4-qo5h6jvvoujgktci7g0ybthbi7mco4b460cw733wow.jpg\" alt=\"laura-corta-galeria-imagenes-4\" \/><\/figure><\/a><\/div><div class=\"swiper-slide\" role=\"group\" aria-roledescription=\"slide\" aria-label=\"4 de 17\"><a data-elementor-open-lightbox=\"yes\" data-elementor-lightbox-slideshow=\"2e8ac11\" data-elementor-lightbox-title=\"galeria-nueva-1\" data-e-action-hash=\"#elementor-action%3Aaction%3Dlightbox%26settings%3DeyJpZCI6MjQyNywidXJsIjoiaHR0cHM6XC9cL3d3dy5sYXVyYWNvc3RhLmNvbVwvd3AtY29udGVudFwvdXBsb2Fkc1wvMjAyNFwvMDdcL2dhbGVyaWEtbnVldmEtMS5qcGciLCJzbGlkZXNob3ciOiIyZThhYzExIn0%3D\" href=\"https:\/\/www.lauracosta.com\/wp-content\/uploads\/2024\/07\/galeria-nueva-1.jpg\"><figure class=\"swiper-slide-inner\"><img decoding=\"async\" class=\"swiper-slide-image\" src=\"https:\/\/www.lauracosta.com\/wp-content\/uploads\/elementor\/thumbs\/galeria-nueva-1-qrkq43vusc9dj597sf9xtme1vwz0ptkllwnnqyi5og.jpg\" alt=\"galeria-nueva-1\" \/><\/figure><\/a><\/div><div class=\"swiper-slide\" role=\"group\" aria-roledescription=\"slide\" aria-label=\"5 de 17\"><a data-elementor-open-lightbox=\"yes\" data-elementor-lightbox-slideshow=\"2e8ac11\" data-elementor-lightbox-title=\"laura-corta-galeria-imagenes-6\" data-e-action-hash=\"#elementor-action%3Aaction%3Dlightbox%26settings%3DeyJpZCI6MjI3MSwidXJsIjoiaHR0cHM6XC9cL3d3dy5sYXVyYWNvc3RhLmNvbVwvd3AtY29udGVudFwvdXBsb2Fkc1wvMjAyNFwvMDVcL2xhdXJhLWNvcnRhLWdhbGVyaWEtaW1hZ2VuZXMtNi5qcGciLCJzbGlkZXNob3ciOiIyZThhYzExIn0%3D\" href=\"https:\/\/www.lauracosta.com\/wp-content\/uploads\/2024\/05\/laura-corta-galeria-imagenes-6.jpg\"><figure class=\"swiper-slide-inner\"><img decoding=\"async\" class=\"swiper-slide-image\" src=\"https:\/\/www.lauracosta.com\/wp-content\/uploads\/elementor\/thumbs\/laura-corta-galeria-imagenes-6-qo5h6ol2n0pw6v5og0236aamh4z6qltrunmblgwxts.jpg\" alt=\"laura-corta-galeria-imagenes-6\" \/><\/figure><\/a><\/div><div class=\"swiper-slide\" role=\"group\" aria-roledescription=\"slide\" aria-label=\"6 de 17\"><a data-elementor-open-lightbox=\"yes\" data-elementor-lightbox-slideshow=\"2e8ac11\" data-elementor-lightbox-title=\"laura-corta-galeria-imagenes-7-redu\" data-e-action-hash=\"#elementor-action%3Aaction%3Dlightbox%26settings%3DeyJpZCI6NTQxMCwidXJsIjoiaHR0cHM6XC9cL3d3dy5sYXVyYWNvc3RhLmNvbVwvd3AtY29udGVudFwvdXBsb2Fkc1wvMjAyNFwvMTFcL2xhdXJhLWNvcnRhLWdhbGVyaWEtaW1hZ2VuZXMtNy1yZWR1LmpwZyIsInNsaWRlc2hvdyI6IjJlOGFjMTEifQ%3D%3D\" href=\"https:\/\/www.lauracosta.com\/wp-content\/uploads\/2024\/11\/laura-corta-galeria-imagenes-7-redu.jpg\"><figure class=\"swiper-slide-inner\"><img decoding=\"async\" class=\"swiper-slide-image\" src=\"https:\/\/www.lauracosta.com\/wp-content\/uploads\/elementor\/thumbs\/laura-corta-galeria-imagenes-7-redu-qxo26edos4fjt8870mumi15r9o1a0vaa5tk7s9wh1c.jpg\" alt=\"laura-corta-galeria-imagenes-7-redu\" \/><\/figure><\/a><\/div><div class=\"swiper-slide\" role=\"group\" aria-roledescription=\"slide\" aria-label=\"7 de 17\"><a data-elementor-open-lightbox=\"yes\" data-elementor-lightbox-slideshow=\"2e8ac11\" data-elementor-lightbox-title=\"galeria-nueva-2\" data-e-action-hash=\"#elementor-action%3Aaction%3Dlightbox%26settings%3DeyJpZCI6MjQyOSwidXJsIjoiaHR0cHM6XC9cL3d3dy5sYXVyYWNvc3RhLmNvbVwvd3AtY29udGVudFwvdXBsb2Fkc1wvMjAyNFwvMDdcL2dhbGVyaWEtbnVldmEtMi5qcGciLCJzbGlkZXNob3ciOiIyZThhYzExIn0%3D\" href=\"https:\/\/www.lauracosta.com\/wp-content\/uploads\/2024\/07\/galeria-nueva-2.jpg\"><figure class=\"swiper-slide-inner\"><img decoding=\"async\" class=\"swiper-slide-image\" src=\"https:\/\/www.lauracosta.com\/wp-content\/uploads\/elementor\/thumbs\/galeria-nueva-2-qrkq48l1qift572e0zb2o37cuubusb39ajx35cb6tc.jpg\" alt=\"galeria-nueva-2\" \/><\/figure><\/a><\/div><div class=\"swiper-slide\" role=\"group\" aria-roledescription=\"slide\" aria-label=\"8 de 17\"><a data-elementor-open-lightbox=\"yes\" data-elementor-lightbox-slideshow=\"2e8ac11\" data-elementor-lightbox-title=\"laura-costa-galeria-19\" data-e-action-hash=\"#elementor-action%3Aaction%3Dlightbox%26settings%3DeyJpZCI6MjI5OCwidXJsIjoiaHR0cHM6XC9cL3d3dy5sYXVyYWNvc3RhLmNvbVwvd3AtY29udGVudFwvdXBsb2Fkc1wvMjAyNFwvMDVcL2xhdXJhLWNvc3RhLWdhbGVyaWEtMTkuanBnIiwic2xpZGVzaG93IjoiMmU4YWMxMSJ9\" href=\"https:\/\/www.lauracosta.com\/wp-content\/uploads\/2024\/05\/laura-costa-galeria-19.jpg\"><figure class=\"swiper-slide-inner\"><img decoding=\"async\" class=\"swiper-slide-image\" src=\"https:\/\/www.lauracosta.com\/wp-content\/uploads\/elementor\/thumbs\/laura-costa-galeria-19-qo5hd5p1pxl065r2mstkcngxsp27rjj7epeqm3bayo.jpg\" alt=\"laura-costa-galeria-19\" \/><\/figure><\/a><\/div><div class=\"swiper-slide\" role=\"group\" aria-roledescription=\"slide\" aria-label=\"9 de 17\"><a data-elementor-open-lightbox=\"yes\" data-elementor-lightbox-slideshow=\"2e8ac11\" data-elementor-lightbox-title=\"laura-corta-galeria-imagenes-9\" data-e-action-hash=\"#elementor-action%3Aaction%3Dlightbox%26settings%3DeyJpZCI6MjI3NywidXJsIjoiaHR0cHM6XC9cL3d3dy5sYXVyYWNvc3RhLmNvbVwvd3AtY29udGVudFwvdXBsb2Fkc1wvMjAyNFwvMDVcL2xhdXJhLWNvcnRhLWdhbGVyaWEtaW1hZ2VuZXMtOS5qcGciLCJzbGlkZXNob3ciOiIyZThhYzExIn0%3D\" href=\"https:\/\/www.lauracosta.com\/wp-content\/uploads\/2024\/05\/laura-corta-galeria-imagenes-9.jpg\"><figure class=\"swiper-slide-inner\"><img decoding=\"async\" class=\"swiper-slide-image\" src=\"https:\/\/www.lauracosta.com\/wp-content\/uploads\/elementor\/thumbs\/laura-corta-galeria-imagenes-9-qo5h6v5xyuywg4w4dkwh5qmumu2r8hjw7k6pyen6m8.jpg\" alt=\"laura-corta-galeria-imagenes-9\" \/><\/figure><\/a><\/div><div class=\"swiper-slide\" role=\"group\" aria-roledescription=\"slide\" aria-label=\"10 de 17\"><a data-elementor-open-lightbox=\"yes\" data-elementor-lightbox-slideshow=\"2e8ac11\" data-elementor-lightbox-title=\"laura-corta-galeria-imagenes-10\" data-e-action-hash=\"#elementor-action%3Aaction%3Dlightbox%26settings%3DeyJpZCI6MjI3OSwidXJsIjoiaHR0cHM6XC9cL3d3dy5sYXVyYWNvc3RhLmNvbVwvd3AtY29udGVudFwvdXBsb2Fkc1wvMjAyNFwvMDVcL2xhdXJhLWNvcnRhLWdhbGVyaWEtaW1hZ2VuZXMtMTAuanBnIiwic2xpZGVzaG93IjoiMmU4YWMxMSJ9\" href=\"https:\/\/www.lauracosta.com\/wp-content\/uploads\/2024\/05\/laura-corta-galeria-imagenes-10.jpg\"><figure class=\"swiper-slide-inner\"><img decoding=\"async\" class=\"swiper-slide-image\" src=\"https:\/\/www.lauracosta.com\/wp-content\/uploads\/elementor\/thumbs\/laura-corta-galeria-imagenes-10-qo5h6x1mcj1h3cte2lpqaq5rtlthnvrcvthowyke9s.jpg\" alt=\"laura-corta-galeria-imagenes-10\" \/><\/figure><\/a><\/div><div class=\"swiper-slide\" role=\"group\" aria-roledescription=\"slide\" aria-label=\"11 de 17\"><a data-elementor-open-lightbox=\"yes\" data-elementor-lightbox-slideshow=\"2e8ac11\" data-elementor-lightbox-title=\"laura-corta-galeria-imagenes-16\" data-e-action-hash=\"#elementor-action%3Aaction%3Dlightbox%26settings%3DeyJpZCI6MjI5MiwidXJsIjoiaHR0cHM6XC9cL3d3dy5sYXVyYWNvc3RhLmNvbVwvd3AtY29udGVudFwvdXBsb2Fkc1wvMjAyNFwvMDVcL2xhdXJhLWNvcnRhLWdhbGVyaWEtaW1hZ2VuZXMtMTYuanBnIiwic2xpZGVzaG93IjoiMmU4YWMxMSJ9\" href=\"https:\/\/www.lauracosta.com\/wp-content\/uploads\/2024\/05\/laura-corta-galeria-imagenes-16.jpg\"><figure class=\"swiper-slide-inner\"><img decoding=\"async\" class=\"swiper-slide-image\" src=\"https:\/\/www.lauracosta.com\/wp-content\/uploads\/elementor\/thumbs\/laura-corta-galeria-imagenes-16-qo5h7d0vkpnckq66hamdz44lx5mqaqism0ky2nwpc0.jpg\" alt=\"laura-corta-galeria-imagenes-16\" \/><\/figure><\/a><\/div><div class=\"swiper-slide\" role=\"group\" aria-roledescription=\"slide\" aria-label=\"12 de 17\"><a data-elementor-open-lightbox=\"yes\" data-elementor-lightbox-slideshow=\"2e8ac11\" data-elementor-lightbox-title=\"13\" data-e-action-hash=\"#elementor-action%3Aaction%3Dlightbox%26settings%3DeyJpZCI6MjQzMSwidXJsIjoiaHR0cHM6XC9cL3d3dy5sYXVyYWNvc3RhLmNvbVwvd3AtY29udGVudFwvdXBsb2Fkc1wvMjAyNFwvMDdcLzEzLmpwZyIsInNsaWRlc2hvdyI6IjJlOGFjMTEifQ%3D%3D\" href=\"https:\/\/www.lauracosta.com\/wp-content\/uploads\/2024\/07\/13.jpg\"><figure class=\"swiper-slide-inner\"><img decoding=\"async\" class=\"swiper-slide-image\" src=\"https:\/\/www.lauracosta.com\/wp-content\/uploads\/elementor\/thumbs\/13-qrkqfoacvy3eeegd8x9o07b91lymfqhov5nrcjcr40.jpg\" alt=\"13\" \/><\/figure><\/a><\/div><div class=\"swiper-slide\" role=\"group\" aria-roledescription=\"slide\" aria-label=\"13 de 17\"><a data-elementor-open-lightbox=\"yes\" data-elementor-lightbox-slideshow=\"2e8ac11\" data-elementor-lightbox-title=\"14\" data-e-action-hash=\"#elementor-action%3Aaction%3Dlightbox%26settings%3DeyJpZCI6MjQzMywidXJsIjoiaHR0cHM6XC9cL3d3dy5sYXVyYWNvc3RhLmNvbVwvd3AtY29udGVudFwvdXBsb2Fkc1wvMjAyNFwvMDdcLzE0LmpwZyIsInNsaWRlc2hvdyI6IjJlOGFjMTEifQ%3D%3D\" href=\"https:\/\/www.lauracosta.com\/wp-content\/uploads\/2024\/07\/14.jpg\"><figure class=\"swiper-slide-inner\"><img decoding=\"async\" class=\"swiper-slide-image\" src=\"https:\/\/www.lauracosta.com\/wp-content\/uploads\/elementor\/thumbs\/14-qrkqfs1pna8jouawmyw6a6d3f5g3aiwm7o9p9n76f4.jpg\" alt=\"14\" \/><\/figure><\/a><\/div><div class=\"swiper-slide\" role=\"group\" aria-roledescription=\"slide\" aria-label=\"14 de 17\"><a data-elementor-open-lightbox=\"yes\" data-elementor-lightbox-slideshow=\"2e8ac11\" data-elementor-lightbox-title=\"15\" data-e-action-hash=\"#elementor-action%3Aaction%3Dlightbox%26settings%3DeyJpZCI6MjQzNSwidXJsIjoiaHR0cHM6XC9cL3d3dy5sYXVyYWNvc3RhLmNvbVwvd3AtY29udGVudFwvdXBsb2Fkc1wvMjAyNFwvMDdcLzE1LmpwZyIsInNsaWRlc2hvdyI6IjJlOGFjMTEifQ%3D%3D\" href=\"https:\/\/www.lauracosta.com\/wp-content\/uploads\/2024\/07\/15.jpg\"><figure class=\"swiper-slide-inner\"><img decoding=\"async\" class=\"swiper-slide-image\" src=\"https:\/\/www.lauracosta.com\/wp-content\/uploads\/elementor\/thumbs\/15-qrkqfuv87sceno6t6i41znnh7b26xm7t8285ph2zwg.jpg\" alt=\"15\" \/><\/figure><\/a><\/div><div class=\"swiper-slide\" role=\"group\" aria-roledescription=\"slide\" aria-label=\"15 de 17\"><a data-elementor-open-lightbox=\"yes\" data-elementor-lightbox-slideshow=\"2e8ac11\" data-elementor-lightbox-title=\"16\" data-e-action-hash=\"#elementor-action%3Aaction%3Dlightbox%26settings%3DeyJpZCI6MjQzNywidXJsIjoiaHR0cHM6XC9cL3d3dy5sYXVyYWNvc3RhLmNvbVwvd3AtY29udGVudFwvdXBsb2Fkc1wvMjAyNFwvMDdcLzE2LmpwZyIsInNsaWRlc2hvdyI6IjJlOGFjMTEifQ%3D%3D\" href=\"https:\/\/www.lauracosta.com\/wp-content\/uploads\/2024\/07\/16.jpg\"><figure class=\"swiper-slide-inner\"><img decoding=\"async\" class=\"swiper-slide-image\" src=\"https:\/\/www.lauracosta.com\/wp-content\/uploads\/elementor\/thumbs\/16-qrkqfwqwlgezaw42vixb4n6ee2sxd0f9wbj4o107k0.jpg\" alt=\"16\" \/><\/figure><\/a><\/div><div class=\"swiper-slide\" role=\"group\" aria-roledescription=\"slide\" aria-label=\"16 de 17\"><a data-elementor-open-lightbox=\"yes\" data-elementor-lightbox-slideshow=\"2e8ac11\" data-elementor-lightbox-title=\"17\" data-e-action-hash=\"#elementor-action%3Aaction%3Dlightbox%26settings%3DeyJpZCI6MjQzOSwidXJsIjoiaHR0cHM6XC9cL3d3dy5sYXVyYWNvc3RhLmNvbVwvd3AtY29udGVudFwvdXBsb2Fkc1wvMjAyNFwvMDdcLzE3LmpwZyIsInNsaWRlc2hvdyI6IjJlOGFjMTEifQ%3D%3D\" href=\"https:\/\/www.lauracosta.com\/wp-content\/uploads\/2024\/07\/17.jpg\"><figure class=\"swiper-slide-inner\"><img decoding=\"async\" class=\"swiper-slide-image\" src=\"https:\/\/www.lauracosta.com\/wp-content\/uploads\/elementor\/thumbs\/17-qrkqfymkz4hjy41ckjqk9mpbkujnsemqkku3mkxf7k.jpg\" alt=\"17\" \/><\/figure><\/a><\/div><div class=\"swiper-slide\" role=\"group\" aria-roledescription=\"slide\" aria-label=\"17 de 17\"><a data-elementor-open-lightbox=\"yes\" data-elementor-lightbox-slideshow=\"2e8ac11\" data-elementor-lightbox-title=\"18\" data-e-action-hash=\"#elementor-action%3Aaction%3Dlightbox%26settings%3DeyJpZCI6MjQ0MSwidXJsIjoiaHR0cHM6XC9cL3d3dy5sYXVyYWNvc3RhLmNvbVwvd3AtY29udGVudFwvdXBsb2Fkc1wvMjAyNFwvMDdcLzE4LmpwZyIsInNsaWRlc2hvdyI6IjJlOGFjMTEifQ%3D%3D\" href=\"https:\/\/www.lauracosta.com\/wp-content\/uploads\/2024\/07\/18.jpg\"><figure class=\"swiper-slide-inner\"><img decoding=\"async\" class=\"swiper-slide-image\" src=\"https:\/\/www.lauracosta.com\/wp-content\/uploads\/elementor\/thumbs\/18-qrkqg1g3jmlewxx942yfz3zpd05rfhxxkysk2et8ow.jpg\" alt=\"18\" \/><\/figure><\/a><\/div>\t\t\t<\/div>\n\t\t\t\t\t\t\t\t\t\t\t\t<div class=\"elementor-swiper-button elementor-swiper-button-prev\" role=\"button\" tabindex=\"0\">\n\t\t\t\t\t\t<svg aria-hidden=\"true\" class=\"e-font-icon-svg e-eicon-chevron-left\" viewBox=\"0 0 1000 1000\" xmlns=\"http:\/\/www.w3.org\/2000\/svg\"><path d=\"M646 125C629 125 613 133 604 142L308 442C296 454 292 471 292 487 292 504 296 521 308 533L604 854C617 867 629 875 646 875 663 875 679 871 692 858 704 846 713 829 713 812 713 796 708 779 692 767L438 487 692 225C700 217 708 204 708 187 708 171 704 154 692 142 675 129 663 125 646 125Z\"><\/path><\/svg>\t\t\t\t\t<\/div>\n\t\t\t\t\t<div class=\"elementor-swiper-button elementor-swiper-button-next\" role=\"button\" tabindex=\"0\">\n\t\t\t\t\t\t<svg aria-hidden=\"true\" class=\"e-font-icon-svg e-eicon-chevron-right\" viewBox=\"0 0 1000 1000\" xmlns=\"http:\/\/www.w3.org\/2000\/svg\"><path d=\"M696 533C708 521 713 504 713 487 713 471 708 454 696 446L400 146C388 133 375 125 354 125 338 125 325 129 313 142 300 154 292 171 292 187 292 204 296 221 308 233L563 492 304 771C292 783 288 800 288 817 288 833 296 850 308 863 321 871 338 875 354 875 371 875 388 867 400 854L696 533Z\"><\/path><\/svg>\t\t\t\t\t<\/div>\n\t\t\t\t\n\t\t\t\t\t\t\t\t\t<\/div>\n\t\t\t\t\t\t<\/div>\n\t\t\t\t<\/div>\n\t\t\t\t<\/div>\n\t\t\t\t<\/div>\n\t\t\t\t<\/div>\n\t\t","protected":false},"excerpt":{"rendered":"<p>VOLS CON\u00c8IXER-ME? Em presento El meu nom \u00e9s Laura Costa i vaig n\u00e9ixer a Barcelona. Fa m\u00e9s de trenta anys que treballo en el m\u00f3n de la moda. Soc dissenyadora, assessora d&#8217;imatge personal, Personal Shopper, estilista, maquilladora, mestra i formadora per a empreses. Des de fa quinze anys disposo d&#8217;un despatx a Barcelona on ofereixo [&hellip;]<\/p>\n","protected":false},"author":1,"featured_media":0,"parent":0,"menu_order":0,"comment_status":"closed","ping_status":"closed","template":"","meta":{"_joinchat":[],"footnotes":""},"class_list":["post-5486","page","type-page","status-publish","hentry"],"yoast_head":"<!-- This site is optimized with the Yoast SEO plugin v27.4 - https:\/\/yoast.com\/product\/yoast-seo-wordpress\/ -->\n<title>Coneix-me - Laura Costa<\/title>\n<meta name=\"robots\" content=\"index, follow, max-snippet:-1, max-image-preview:large, max-video-preview:-1\" \/>\n<link rel=\"canonical\" href=\"https:\/\/www.lauracosta.com\/conoceme\/\" \/>\n<meta property=\"og:locale\" content=\"ca_ES\" \/>\n<meta property=\"og:type\" content=\"article\" \/>\n<meta property=\"og:title\" content=\"Coneix-me - Laura Costa\" \/>\n<meta property=\"og:description\" content=\"VOLS CON\u00c8IXER-ME? Em presento El meu nom \u00e9s Laura Costa i vaig n\u00e9ixer a Barcelona. Fa m\u00e9s de trenta anys que treballo en el m\u00f3n de la moda. Soc dissenyadora, assessora d&#8217;imatge personal, Personal Shopper, estilista, maquilladora, mestra i formadora per a empreses. Des de fa quinze anys disposo d&#8217;un despatx a Barcelona on ofereixo [&hellip;]\" \/>\n<meta property=\"og:url\" content=\"https:\/\/www.lauracosta.com\/conoceme\/\" \/>\n<meta property=\"og:site_name\" content=\"Laura Costa\" \/>\n<meta property=\"article:modified_time\" content=\"2025-03-03T16:33:57+00:00\" \/>\n<meta property=\"og:image\" content=\"https:\/\/www.lauracosta.com\/wp-content\/uploads\/2024\/10\/laura-conoceme-imagen.jpg\" \/>\n\t<meta property=\"og:image:width\" content=\"1200\" \/>\n\t<meta property=\"og:image:height\" content=\"1800\" \/>\n\t<meta property=\"og:image:type\" content=\"image\/jpeg\" \/>\n<meta name=\"twitter:card\" content=\"summary_large_image\" \/>\n<meta name=\"twitter:label1\" content=\"Temps estimat de lectura\" \/>\n\t<meta name=\"twitter:data1\" content=\"7 minuts\" \/>\n<script type=\"application\/ld+json\" class=\"yoast-schema-graph\">{\"@context\":\"https:\\\/\\\/schema.org\",\"@graph\":[{\"@type\":\"WebPage\",\"@id\":\"https:\\\/\\\/www.lauracosta.com\\\/conoceme\\\/\",\"url\":\"https:\\\/\\\/www.lauracosta.com\\\/conoceme\\\/\",\"name\":\"Coneix-me - Laura Costa\",\"isPartOf\":{\"@id\":\"https:\\\/\\\/www.lauracosta.com\\\/#website\"},\"primaryImageOfPage\":{\"@id\":\"https:\\\/\\\/www.lauracosta.com\\\/conoceme\\\/#primaryimage\"},\"image\":{\"@id\":\"https:\\\/\\\/www.lauracosta.com\\\/conoceme\\\/#primaryimage\"},\"thumbnailUrl\":\"https:\\\/\\\/www.lauracosta.com\\\/wp-content\\\/uploads\\\/2024\\\/10\\\/laura-conoceme-imagen.jpg\",\"datePublished\":\"2024-05-14T11:06:59+00:00\",\"dateModified\":\"2025-03-03T16:33:57+00:00\",\"breadcrumb\":{\"@id\":\"https:\\\/\\\/www.lauracosta.com\\\/conoceme\\\/#breadcrumb\"},\"inLanguage\":\"ca\",\"potentialAction\":[{\"@type\":\"ReadAction\",\"target\":[\"https:\\\/\\\/www.lauracosta.com\\\/conoceme\\\/\"]}]},{\"@type\":\"ImageObject\",\"inLanguage\":\"ca\",\"@id\":\"https:\\\/\\\/www.lauracosta.com\\\/conoceme\\\/#primaryimage\",\"url\":\"https:\\\/\\\/www.lauracosta.com\\\/wp-content\\\/uploads\\\/2024\\\/10\\\/laura-conoceme-imagen.jpg\",\"contentUrl\":\"https:\\\/\\\/www.lauracosta.com\\\/wp-content\\\/uploads\\\/2024\\\/10\\\/laura-conoceme-imagen.jpg\"},{\"@type\":\"BreadcrumbList\",\"@id\":\"https:\\\/\\\/www.lauracosta.com\\\/conoceme\\\/#breadcrumb\",\"itemListElement\":[{\"@type\":\"ListItem\",\"position\":1,\"name\":\"Portada\",\"item\":\"https:\\\/\\\/www.lauracosta.com\\\/\"},{\"@type\":\"ListItem\",\"position\":2,\"name\":\"Coneix-me\"}]},{\"@type\":\"WebSite\",\"@id\":\"https:\\\/\\\/www.lauracosta.com\\\/#website\",\"url\":\"https:\\\/\\\/www.lauracosta.com\\\/\",\"name\":\"Laura Costa\",\"description\":\"Asesor\u00eda de imagen &amp; Personal Shopper\",\"publisher\":{\"@id\":\"https:\\\/\\\/www.lauracosta.com\\\/#organization\"},\"potentialAction\":[{\"@type\":\"SearchAction\",\"target\":{\"@type\":\"EntryPoint\",\"urlTemplate\":\"https:\\\/\\\/www.lauracosta.com\\\/?s={search_term_string}\"},\"query-input\":{\"@type\":\"PropertyValueSpecification\",\"valueRequired\":true,\"valueName\":\"search_term_string\"}}],\"inLanguage\":\"ca\"},{\"@type\":\"Organization\",\"@id\":\"https:\\\/\\\/www.lauracosta.com\\\/#organization\",\"name\":\"Laura Costa\",\"url\":\"https:\\\/\\\/www.lauracosta.com\\\/\",\"logo\":{\"@type\":\"ImageObject\",\"inLanguage\":\"ca\",\"@id\":\"https:\\\/\\\/www.lauracosta.com\\\/#\\\/schema\\\/logo\\\/image\\\/\",\"url\":\"https:\\\/\\\/www.lauracosta.com\\\/wp-content\\\/uploads\\\/2024\\\/11\\\/laura-costa-imagen-696.jpg\",\"contentUrl\":\"https:\\\/\\\/www.lauracosta.com\\\/wp-content\\\/uploads\\\/2024\\\/11\\\/laura-costa-imagen-696.jpg\",\"width\":696,\"height\":696,\"caption\":\"Laura Costa\"},\"image\":{\"@id\":\"https:\\\/\\\/www.lauracosta.com\\\/#\\\/schema\\\/logo\\\/image\\\/\"}}]}<\/script>\n<!-- \/ Yoast SEO plugin. -->","yoast_head_json":{"title":"Coneix-me - Laura Costa","robots":{"index":"index","follow":"follow","max-snippet":"max-snippet:-1","max-image-preview":"max-image-preview:large","max-video-preview":"max-video-preview:-1"},"canonical":"https:\/\/www.lauracosta.com\/conoceme\/","og_locale":"ca_ES","og_type":"article","og_title":"Coneix-me - Laura Costa","og_description":"VOLS CON\u00c8IXER-ME? Em presento El meu nom \u00e9s Laura Costa i vaig n\u00e9ixer a Barcelona. Fa m\u00e9s de trenta anys que treballo en el m\u00f3n de la moda. Soc dissenyadora, assessora d&#8217;imatge personal, Personal Shopper, estilista, maquilladora, mestra i formadora per a empreses. Des de fa quinze anys disposo d&#8217;un despatx a Barcelona on ofereixo [&hellip;]","og_url":"https:\/\/www.lauracosta.com\/conoceme\/","og_site_name":"Laura Costa","article_modified_time":"2025-03-03T16:33:57+00:00","og_image":[{"width":1200,"height":1800,"url":"https:\/\/www.lauracosta.com\/wp-content\/uploads\/2024\/10\/laura-conoceme-imagen.jpg","type":"image\/jpeg"}],"twitter_card":"summary_large_image","twitter_misc":{"Temps estimat de lectura":"7 minuts"},"schema":{"@context":"https:\/\/schema.org","@graph":[{"@type":"WebPage","@id":"https:\/\/www.lauracosta.com\/conoceme\/","url":"https:\/\/www.lauracosta.com\/conoceme\/","name":"Coneix-me - Laura Costa","isPartOf":{"@id":"https:\/\/www.lauracosta.com\/#website"},"primaryImageOfPage":{"@id":"https:\/\/www.lauracosta.com\/conoceme\/#primaryimage"},"image":{"@id":"https:\/\/www.lauracosta.com\/conoceme\/#primaryimage"},"thumbnailUrl":"https:\/\/www.lauracosta.com\/wp-content\/uploads\/2024\/10\/laura-conoceme-imagen.jpg","datePublished":"2024-05-14T11:06:59+00:00","dateModified":"2025-03-03T16:33:57+00:00","breadcrumb":{"@id":"https:\/\/www.lauracosta.com\/conoceme\/#breadcrumb"},"inLanguage":"ca","potentialAction":[{"@type":"ReadAction","target":["https:\/\/www.lauracosta.com\/conoceme\/"]}]},{"@type":"ImageObject","inLanguage":"ca","@id":"https:\/\/www.lauracosta.com\/conoceme\/#primaryimage","url":"https:\/\/www.lauracosta.com\/wp-content\/uploads\/2024\/10\/laura-conoceme-imagen.jpg","contentUrl":"https:\/\/www.lauracosta.com\/wp-content\/uploads\/2024\/10\/laura-conoceme-imagen.jpg"},{"@type":"BreadcrumbList","@id":"https:\/\/www.lauracosta.com\/conoceme\/#breadcrumb","itemListElement":[{"@type":"ListItem","position":1,"name":"Portada","item":"https:\/\/www.lauracosta.com\/"},{"@type":"ListItem","position":2,"name":"Coneix-me"}]},{"@type":"WebSite","@id":"https:\/\/www.lauracosta.com\/#website","url":"https:\/\/www.lauracosta.com\/","name":"Laura Costa","description":"Asesor\u00eda de imagen &amp; Personal Shopper","publisher":{"@id":"https:\/\/www.lauracosta.com\/#organization"},"potentialAction":[{"@type":"SearchAction","target":{"@type":"EntryPoint","urlTemplate":"https:\/\/www.lauracosta.com\/?s={search_term_string}"},"query-input":{"@type":"PropertyValueSpecification","valueRequired":true,"valueName":"search_term_string"}}],"inLanguage":"ca"},{"@type":"Organization","@id":"https:\/\/www.lauracosta.com\/#organization","name":"Laura Costa","url":"https:\/\/www.lauracosta.com\/","logo":{"@type":"ImageObject","inLanguage":"ca","@id":"https:\/\/www.lauracosta.com\/#\/schema\/logo\/image\/","url":"https:\/\/www.lauracosta.com\/wp-content\/uploads\/2024\/11\/laura-costa-imagen-696.jpg","contentUrl":"https:\/\/www.lauracosta.com\/wp-content\/uploads\/2024\/11\/laura-costa-imagen-696.jpg","width":696,"height":696,"caption":"Laura Costa"},"image":{"@id":"https:\/\/www.lauracosta.com\/#\/schema\/logo\/image\/"}}]}},"_links":{"self":[{"href":"https:\/\/www.lauracosta.com\/ca\/wp-json\/wp\/v2\/pages\/5486","targetHints":{"allow":["GET"]}}],"collection":[{"href":"https:\/\/www.lauracosta.com\/ca\/wp-json\/wp\/v2\/pages"}],"about":[{"href":"https:\/\/www.lauracosta.com\/ca\/wp-json\/wp\/v2\/types\/page"}],"author":[{"embeddable":true,"href":"https:\/\/www.lauracosta.com\/ca\/wp-json\/wp\/v2\/users\/1"}],"replies":[{"embeddable":true,"href":"https:\/\/www.lauracosta.com\/ca\/wp-json\/wp\/v2\/comments?post=5486"}],"version-history":[{"count":18,"href":"https:\/\/www.lauracosta.com\/ca\/wp-json\/wp\/v2\/pages\/5486\/revisions"}],"predecessor-version":[{"id":5923,"href":"https:\/\/www.lauracosta.com\/ca\/wp-json\/wp\/v2\/pages\/5486\/revisions\/5923"}],"wp:attachment":[{"href":"https:\/\/www.lauracosta.com\/ca\/wp-json\/wp\/v2\/media?parent=5486"}],"curies":[{"name":"wp","href":"https:\/\/api.w.org\/{rel}","templated":true}]}}